{"id":27,"date":"2012-03-14T02:32:49","date_gmt":"2012-03-14T02:32:49","guid":{"rendered":"http:\/\/sscspark.com\/?page_id=27"},"modified":"2022-04-14T06:35:35","modified_gmt":"2022-04-14T06:35:35","slug":"a-park-vezetoi-park-directors","status":"publish","type":"page","link":"http:\/\/sscspark.com\/?page_id=27","title":{"rendered":"Park vezet\u0151i"},"content":{"rendered":"<h2><span style=\"color: #008000;\">A S\u00edk S\u00e1ndor Cserk\u00e9szpark vezet\u0151i<\/span><\/h2>\n<h6><\/h6>\n<h4><a href=\"http:\/\/sscspark.com\/wp-content\/uploads\/2022\/03\/Kovacs-Gyuri-fenykep.jpg\"><img loading=\"lazy\" decoding=\"async\" class=\"alignleft wp-image-1441\" src=\"http:\/\/sscspark.com\/wp-content\/uploads\/2022\/03\/Kovacs-Gyuri-fenykep-225x300.jpg\" alt=\"\" width=\"250\" height=\"333\" srcset=\"http:\/\/sscspark.com\/wp-content\/uploads\/2022\/03\/Kovacs-Gyuri-fenykep-225x300.jpg 225w, http:\/\/sscspark.com\/wp-content\/uploads\/2022\/03\/Kovacs-Gyuri-fenykep-230x307.jpg 230w, http:\/\/sscspark.com\/wp-content\/uploads\/2022\/03\/Kovacs-Gyuri-fenykep-350x467.jpg 350w, http:\/\/sscspark.com\/wp-content\/uploads\/2022\/03\/Kovacs-Gyuri-fenykep-480x640.jpg 480w, http:\/\/sscspark.com\/wp-content\/uploads\/2022\/03\/Kovacs-Gyuri-fenykep.jpg 576w\" sizes=\"auto, (max-width: 250px) 100vw, 250px\" \/><\/a><\/h4>\n<h3><span style=\"color: #008000;\">Kov\u00e1cs Gy\u00f6rgy,\u00a0 2021 \u2013<\/span><\/h3>\n<p>Kov\u00e1cs Gy\u00f6rgy 1974-ben, 13 \u00e9ves fiatal fi\u00fak\u00e9nt, egy \u00e9vnyi, olaszorsz\u00e1gi menek\u00fcltt\u00e1borban t\u00f6lt\u00f6tt id\u0151 ut\u00e1n \u00e9rkezett az USA-ba. Cserk\u00e9sz\u00e9lete az eml\u00edtett \u00e9v m\u00e1rcius\u00e1ban elkezd\u0151d\u00f6tt, amikor csatlakozott a 22. sz. Bessenyei Gy\u00f6rgy cserk\u00e9szcsapathoz, amelynek most is tagja. Hamar bar\u00e1tokra tal\u00e1lt, akikkel mai napig szoros kapcsolatot tart \u00e9s egy\u00fctt dolgozik cserk\u00e9szk\u00f6r\u00f6kben. 1976-ban \u0151rsvezet\u0151 t\u00e1bort v\u00e9gzett, majd t\u00f6bb \u00e9vig mint kik\u00e9pz\u0151 ugyanott tev\u00e9kenykedett.<\/p>\n<p>1978-ban v\u00e9gzett seg\u00e9dtiszti t\u00e1bort, majd 2001-ben tisztk\u00e9pz\u0151 t\u00e1bort. Tov\u00e1bb szolg\u00e1lt a clevelandi csapatn\u00e1l, \u00e1tvette a csapatparancsnoks\u00e1gi szerepet, amit mai napig is ell\u00e1t. Csal\u00e1dalap\u00edt\u00e1sa ut\u00e1n mindh\u00e1rom gyermek\u00e9t cserk\u00e9sznek nevelte, \u00e9s folytatta r\u00e9szv\u00e9tel\u00e9t akad\u00e1lyversenyeken, csapat- \u00e9s jubileumi t\u00e1borokban. Itt n\u0151tt sz\u00edv\u00e9hez a S\u00edk S\u00e1ndor Cserk\u00e9szpark.<\/p>\n<p>2011-ben az \u00fcgyvezet\u0151 eln\u00f6k, Lendvai-Lintner Imre r\u00e1k\u00e9rdezett, hogy \u201enem-e lenne kedve be\u00e1llni helyettesk\u00e9nt, seg\u00edteni Lamperth Zoli b\u00e1 igazgat\u00f3t?\u201d Viccesen, Gyuri v\u00e1lasza egy k\u00e9rd\u00e9s volt: \u201eKi a Zoli b\u00e1?\u201d<\/p>\n<p>Majd \u00e1tgondolta, sz\u00edvesen v\u00e1llalta a kih\u00edv\u00e1st, majd k\u00f6zel t\u00edz \u00e9vig dolgozott Zoli b\u00e1val mint parkigazgat\u00f3-helyettes a Park fejleszt\u00e9s\u00e9n \u00e9s karbantart\u00e1s\u00e1n. Gyuri nagy volumen\u0171 v\u00e1ltoztat\u00e1sokat kezdem\u00e9nyezett: a v\u00edzvezet\u00e9k moderniz\u00e1l\u00e1sa, rendszeres\u00edt\u00e9se mellett rakt\u00e1roz\u00e1si lehet\u0151s\u00e9geket tervezett \u00e9s val\u00f3s\u00edtott meg. \u00daj k\u00f3rh\u00e1z\u00e9p\u00fcletet tervezett, majd fel\u00faj\u00edtotta a r\u00e9git. Az eddigi eredm\u00e9nyei k\u00f6z\u00fcl a legjelent\u0151sebb, az \u00faj Hontalan Sasok H\u00e1za megtervez\u00e9se, fel\u00e9p\u00edt\u00e9se \u00e9s beruh\u00e1z\u00e1sa mutatott r\u00e1 legjobban Gyuri elk\u00f6telezetts\u00e9g\u00e9re, hogy tov\u00e1bb vigye a Park j\u00f6v\u0151j\u00e9t \u00e9s gondoz\u00e1s\u00e1t.<\/p>\n<p>2021-ben Lamperth Zoli b\u00e1 nyugd\u00edjba vonult \u00e9s Kov\u00e1cs Gyuri vette \u00e1t a S\u00edk S\u00e1ndor Cserk\u00e9szpark igazgat\u00e1s\u00e1t.<br \/>\nGyuri \u00edgy nyilatkozik: \u201e\u2026 rengeteg munka v\u00e1r r\u00e1nk, s mondhatom, hogy azokkal a cserk\u00e9szekkel, akiket megismertem 48 \u00e9vvel ezel\u0151tt, m\u00e9g mindig seg\u00edtenek. \u0150 n\u00e9lk\u00fcl\u00fck neh\u00e9z lenne ezt a munk\u00e1t v\u00e9gezni!\u201d<\/p>\n<p>&nbsp;<\/p>\n<hr \/>\n<h6><a href=\"http:\/\/sscspark.com\/wp-content\/uploads\/2022\/03\/Lamperth-Zoli-fenykep.jpg\"><img loading=\"lazy\" decoding=\"async\" class=\"alignleft wp-image-1442\" src=\"http:\/\/sscspark.com\/wp-content\/uploads\/2022\/03\/Lamperth-Zoli-fenykep.jpg\" alt=\"\" width=\"250\" height=\"344\" \/><\/a><\/h6>\n<h3><span style=\"color: #008000;\">Lamperth Zolt\u00e1n (Zoli b\u00e1), 1990 &#8211; 2021<\/span><\/h3>\n<p>A magyar cserk\u00e9szvezet\u00e9s m\u00e1r az els\u0151 \u00e9vekben r\u00e1j\u00f6tt, hogy az egys\u00e9ges vezet\u0151k\u00e9pz\u00e9s a sikeres cserk\u00e9szmunka egyik legfontosabb t\u00e9nyez\u0151je. Ugyanakkor a j\u00f3 vezet\u0151k\u00e9pz\u00e9shez megfelel\u0151en kiv\u00e1lasztott \u00e9s felszerelt t\u00e1borhelyre volt sz\u00fcks\u00e9g. El\u0151deink a h\u00faszas \u00e9vekben l\u00e9tes\u00edtett\u00e9k Buda hegyei k\u00f6z\u00f6tt az az\u00f3ta legend\u00e1s h\u00edr\u0171v\u00e9 v\u00e1lt H\u00e1rshegyi Cserk\u00e9szparkot, kidolgozt\u00e1k az egyetemes magyar cserk\u00e9szvezet\u00e9s m\u00f3dszereit, amelyeket m\u00e9g ma is vil\u00e1gszerte ismernek cserk\u00e9szk\u00f6r\u00f6kben.<\/p>\n<p>1945 ut\u00e1n a menek\u00fcltt\u00e1borokban \u00fajj\u00e1alakult magyar cserk\u00e9szet r\u00f6gt\u00f6n \u00fajraind\u00edtotta a vezet\u0151k\u00e9pz\u00e9st. Az \u00f6tvenes \u00e9vekben a nagym\u00e9ret\u0171 kiv\u00e1ndorl\u00e1s n\u00e9gy kontinensre sz\u00f3rta sz\u00e9t a magyar cserk\u00e9szeket. E sz\u00e9tsz\u00f3rts\u00e1gban a magyar cserk\u00e9szmunk\u00e1t pontosan az egys\u00e9ges vezet\u0151k\u00e9pz\u00e9s biztos\u00edtotta.<br \/>\nT\u00edz \u00e9v keres\u00e9s ut\u00e1n a KMCSSZ a New York \u00e1llambeli Fillmore mellett megfelel\u0151 ter\u00fcletet tal\u00e1lt a vezet\u0151k\u00e9pz\u00e9s\u00fcnk sz\u00e1m\u00e1ra. 1963-ban n\u00e9gy el\u0151rel\u00e1t\u00f3 cserk\u00e9szvezet\u0151, Bodn\u00e1r G\u00e1bor, dr. Gerencs\u00e9r Istv\u00e1n \u00e9s K\u0151v\u00e1ri Lajos piarista aty\u00e1k, valamint dr. N\u00e9methy Gy\u00f6rgy szem\u00e9lyes anyagi \u00e1ldozatv\u00e1llal\u00e1ssal megvett\u00e9k a ter\u00fcletet, megalap\u00edtva a S\u00edk S\u00e1ndor Cserk\u00e9szparkot a magyar ifj\u00fas\u00e1g sz\u00e1m\u00e1ra.<\/p>\n<p>\u0150k n\u00e9gyen, akik ezt a ter\u00fcletet 1963-ban megv\u00e1s\u00e1rolt\u00e1k, a magyar cserk\u00e9szet eg\u00e9sz\u00e9nek tov\u00e1bbi t\u00f6rt\u00e9nelm\u00e9t meghat\u00e1roz\u00f3 l\u00e9p\u00e9st tettek. Megalap\u00edtott\u00e1k k\u00f6zponti vezet\u0151k\u00e9pz\u00e9s\u00fcnk otthon\u00e1t \u00e9s \u00e9szak-amerikai csapatainknak sz\u00e1m\u00e1ra sz\u00e1mtalan portya, akad\u00e1lyverseny \u00e9s cserk\u00e9sz\u00e9lm\u00e9ny sz\u00ednhely\u00e9t.<\/p>\n<p>Kimagasl\u00f3 cselekedet volt.<br \/>\n1964 m\u00e1jus\u00e1ban a Park m\u00e1r nagym\u00e9ret\u0171 akad\u00e1lyverseny sz\u00ednhelye volt. K\u00f6zel 6 \u00e9vtizednyi kem\u00e9ny munka \u00e9s befektet\u00e9s, \u00e9p\u00fcletek, m\u0171szaki l\u00e9tes\u00edtm\u00e9nyek kellettek ahhoz, hogy a Park mai sokf\u00e9le programra (vezet\u0151k\u00e9pz\u0151 t\u00e1borokra, akad\u00e1lyversenyekre, magyar iskolat\u00e1borokra, konferenci\u00e1kra, ny\u00e1ri \u00e9s t\u00e9li csapatt\u00e1borokra, reg\u00f6s h\u00e9tv\u00e9g\u00e9kre) alkalmass\u00e1 v\u00e1ljon. Mintegy 60 \u00e9v alatt t\u00f6bb ezer cserk\u00e9szvezet\u0151 kapott kik\u00e9pz\u00e9st a S\u00edk S\u00e1ndor Cserk\u00e9szparkban. Rem\u00e9lj\u00fck, m\u00e9g sok \u00e9vig ad otthont a Park a j\u00f6v\u0151 vezet\u0151inek, \u00e9s k\u00e9rj\u00fck Isten \u00e1ld\u00e1s\u00e1t minden cserk\u00e9szre, aki valaha itt j\u00e1rt vagy j\u00e1rni fog.<\/p>\n<p>Lamperth Zoli b\u00e1 (Park tiszteletbeli igazgat\u00f3ja) \u00edgy nyilatkozott:<br \/>\nLegel\u0151sz\u00f6r az 1970-es \u00e9vek elej\u00e9n j\u00e1rtam a Fillmore-i S\u00edk S\u00e1ndor Cserk\u00e9szparkban, amikor egy m\u00e1jusi akad\u00e1lyversenyre vittem a hamiltoni cserk\u00e9szeket. G\u00e1rdonyi L\u00e1thatatlan ember c\u00edm\u0171 reg\u00e9nye elevenedett meg el\u0151tt\u00fcnk a f\u0151t\u00e9ren. Hunok, magyarok, Attila \u00e9s n\u00e9pe var\u00e1zsol\u00f3dottak el\u0151 a jelmezes cserk\u00e9szekb\u0151l. L\u00e9lekbe markol\u00f3 l\u00e1tv\u00e1ny volt sz\u00e1momra. Az esti t\u00e1bort\u0171z meghitt testv\u00e9ri hangulata, a vas\u00e1rnapi mise a feny\u0151katedr\u00e1lisban \u00f6r\u00f6kre az eml\u00e9kezetembe v\u00e9s\u0151dtek. Ett\u0151l kezdve h\u0171s\u00e9ges bar\u00e1tja \u00e9s elk\u00f6telezett t\u00e1mogat\u00f3ja lettem a S\u00edk S\u00e1ndor Cserk\u00e9szparknak. New York \u00e1llamban, Fillmore falu k\u00f6zel\u00e9ben a dimbes-dombos vid\u00e9k egyik fenns\u00edkj\u00e1n tal\u00e1lhat\u00f3 ez a 117 holdon elter\u00fcl\u0151 t\u00e1borhely. Itt tal\u00e1lkoznak \u00e9vente t\u00f6bbsz\u00f6r a k\u00fclf\u00f6ldi magyar cserk\u00e9szek, s egyre gyakrabban \u00f6rvendhet\u00fcnk itt magyarorsz\u00e1gi cserk\u00e9sztestv\u00e9reinknek is.<br \/>\nA parkot utak, t\u00e1borhelyek, k\u00f6zszolg\u00e1ltat\u00e1s \u00e9s \u00e9p\u00fcletek tark\u00edtj\u00e1k. Amit eddig \u00e9p\u00edtett\u00fcnk, sok-sok ember anyagi \u00e1ldozat\u00e1nak, els\u0151sorban k\u00e9tkezi munk\u00e1j\u00e1nak k\u00f6sz\u00f6nhet\u0151. Az alap\u00edt\u00f3k \u00e9s \u00e9p\u00edt\u0151k k\u00f6z\u00fcl m\u00e1r sokan nincsenek k\u00f6z\u00f6tt\u00fcnk, de p\u00e9ld\u00e1jukat k\u00f6vetve igyekezt\u00fcnk ezt a t\u00e1bort egyre szebb\u00e9 \u00e9s k\u00e9nyelmesebb\u00e9 var\u00e1zsolni. A fenti nagyobb munk\u00e1latokon k\u00edv\u00fcl a t\u00e1bor rendben tart\u00e1sa, a t\u00e1borokra val\u00f3 el\u0151k\u00e9sz\u00edt\u00e9se, majd az elrakod\u00e1s, a t\u00e1borok \u00fczemeltet\u00e9se rengeteg id\u0151t \u00e9s munk\u00e1t ig\u00e9nyel. A \u201eszorgalmas hangya\u201d \u0151rs (Pusztai Laci b\u00e1 \u00e9s Erzsike, Somogyi Vince b\u00e1 \u00e9s Kl\u00e1rika, Tamoga Pista b\u00e1 \u00e9s \u00c9va, Luk\u00e1cs Tibor \u00e9s Clare, Zoli b\u00e1 \u00e9s Cilike) tavaszt\u00f3l \u0151szig t\u00f6bb h\u00e9tv\u00e9get t\u00f6lt\u00f6ttek Fillmore-ban, mint az otthonukban. V\u00e9gezt\u00e9k azokat a kisebb-nagyobb munk\u00e1kat, melyek l\u00e9nyegesek a t\u00e1borok zavartalan m\u0171k\u00f6d\u00e9s\u00e9hez.<br \/>\nMunka van sok. Seg\u00edt\u0151 k\u00e9z egyre kevesebb \u00e9s gyeng\u00e9bb\u2026 B\u00edzom abban, hogy mint eddig is, a j\u00f6v\u0151ben is lesznek olyan cserk\u00e9szek \u00e9s sz\u00fcl\u0151k, akik ebbe a munk\u00e1ba fiatalos er\u0151vel bekapcsol\u00f3dnak. A m\u00e1jusi akad\u00e1lyverseny, a j\u00faliusi ny\u00e1ri iskola, az augusztusi vk. t\u00e1bor \u00e9s az okt\u00f3beri reg\u00f6s-h\u00e9tv\u00e9ge n\u00e9pszer\u0171s\u00e9ge azt bizony\u00edtja, hogy \u00e9rdemes tervezni, dolgozni, \u00e9p\u00edteni a j\u00f6v\u0151 cserk\u00e9sznemzed\u00e9k\u00e9nek \u00e9rdek\u00e9ben.<\/p>\n<p>Az 1990-es Jubileumi t\u00e1bor Velemj\u00e1r\u00f3 f\u00fczet\u00e9b\u0151l Bodn\u00e1r G\u00e1bor szavait id\u00e9zem:<br \/>\n\u201cMutass\u00e1tok meg a vil\u00e1gnak, de f\u0151k\u00e9nt a kishit\u0171 magyaroknak, hogy ahol cserk\u00e9szek \u00e9s \u00f6regcserk\u00e9szek, fiatalok \u00e9s sz\u00fcl\u0151k \u00f6sszefognak, az ISTEN, HAZA \u00e9s EMBERT\u00c1RS szolg\u00e1lata mindenkor eredm\u00e9nyes.\u201d<br \/>\nEz a S\u00edk S\u00e1ndor Cserk\u00e9szparkban vil\u00e1gosan tapasztalhat\u00f3.<\/p>\n<hr \/>\n<h6><\/h6>\n<h3><a href=\"http:\/\/sscspark.com\/wp-content\/uploads\/2022\/03\/Jambor-Lajos-fenykep.jpg\"><img loading=\"lazy\" decoding=\"async\" class=\"alignleft wp-image-1443\" src=\"http:\/\/sscspark.com\/wp-content\/uploads\/2022\/03\/Jambor-Lajos-fenykep-300x269.jpg\" alt=\"\" width=\"250\" height=\"225\" srcset=\"http:\/\/sscspark.com\/wp-content\/uploads\/2022\/03\/Jambor-Lajos-fenykep-300x269.jpg 300w, http:\/\/sscspark.com\/wp-content\/uploads\/2022\/03\/Jambor-Lajos-fenykep-768x690.jpg 768w, http:\/\/sscspark.com\/wp-content\/uploads\/2022\/03\/Jambor-Lajos-fenykep-230x207.jpg 230w, http:\/\/sscspark.com\/wp-content\/uploads\/2022\/03\/Jambor-Lajos-fenykep-350x314.jpg 350w, http:\/\/sscspark.com\/wp-content\/uploads\/2022\/03\/Jambor-Lajos-fenykep-480x431.jpg 480w, http:\/\/sscspark.com\/wp-content\/uploads\/2022\/03\/Jambor-Lajos-fenykep.jpg 855w\" sizes=\"auto, (max-width: 250px) 100vw, 250px\" \/><\/a><\/h3>\n<h3><span style=\"color: #008000;\">J\u00e1mbor Lajos (Lajos b\u00e1), 1981 &#8211; 1990<br \/>\n<\/span><\/h3>\n<p>Mint fiatal premontrei di\u00e1k kezdte meg tanulm\u00e1nyait, ahol Hellebrandt Domokos tan\u00e1r \u00far magyar\u00f3r\u00e1i \u00e9s cserk\u00e9sz foglalkoz\u00e1sai alapozt\u00e1k meg benne cserk\u00e9szet ir\u00e1nti szil\u00e1rd c\u00e9ltudatot. Mint \u0151rsvezet\u0151 alig 16 \u00e9vesen, a korhat\u00e1r el\u0151tt seg\u00e9dtiszt lett, \u00e9s r\u00e9szt vett a \u201933-as G\u00f6d\u00f6ll\u0151i Jamboree-n. Mint oly\u2019 sok magyar, a h\u00e1bor\u00fat k\u00f6vet\u0151 t\u00f6bb \u00e9ves l\u00e1geresked\u00e9s ut\u00e1n v\u00e1ndorolt ki Kanad\u00e1ba. A cserk\u00e9szet ir\u00e1nti szeretete \u00f6szt\u00f6n\u00f6zte, elv\u00e1llalta a 20-as \u00c1rp\u00e1d Vez\u00e9r cserk\u00e9szcsapat vezet\u00e9s\u00e9t, amit 20 esztendeig teljes odaad\u00e1ssal v\u00e9gzett. K\u00f6rzeti, majd ker\u00fcleti parancsnok lett, a cserk\u00e9szet szolg\u00e1lat\u00e1ban p\u00e9ld\u00e1s vezet\u00e9s\u00e9vel er\u0151s\u00edtette meg a Sz\u00f6vets\u00e9g \u00f6t\u00f6dik Ker\u00fclet\u00e9t.<\/p>\n<p>A hetvenes \u00e9vek v\u00e9g\u00e9n v\u00e1llalta el \u00e9lete legnagyobb, \u00e9s mondhatjuk, legkedvesebb feladat\u00e1t, a fillmore-i cserk\u00e9szpark gondoz\u00e1s\u00e1t. K\u0151v\u00e1ri Lajos (Ubul b\u00e1), a nagy \u00e9p\u00edt\u0151 nyomdokaiba l\u00e9pett. Az els\u0151 t\u00e1bori k\u00f3rh\u00e1z, a fi\u00fa \u00e9s l\u00e1ny \u0151rsvezet\u0151k h\u00e1zai, az eb\u00e9dl\u0151 \u00e9s a konyha mind az \u0151 vezet\u00e9se alatt \u00e9p\u00fclt. Gondnokot szerz\u0151dtetett \u00e9s rendbe hozta a cserk\u00e9szpark k\u00f6zigazgat\u00e1s\u00e1t.<\/p>\n<p>\u00c9lete, munk\u00e1ss\u00e1ga vil\u00e1g\u00edt\u00f3torony minden cserk\u00e9sz, de f\u0151k\u00e9nt minden cserk\u00e9szvezet\u0151 sz\u00e1m\u00e1ra. T\u00fcrelme, melegsz\u00edv\u0171s\u00e9ge, a mindig a j\u00f3t keres\u0151 egy\u00e9nis\u00e9ge, j\u00f3kedve \u00e9s gyakorlati cserk\u00e9sztud\u00e1sa eml\u00e9kezetes marad cserk\u00e9szet\u00fcnkben.<br \/>\nBodn\u00e1r G\u00e1bor egykori \u00fcgyvezet\u0151 eln\u00f6k \u00edgy nyilatkozott: Lajos b\u00e1t p\u00e9ld\u00e1zz\u00e1tok! \u0150 a k\u00f6z\u00f6ss\u00e9g\u00e9rt \u00e9lt. Egy\u00e9ni \u00e9rdekeivel nem t\u00f6r\u0151dve mindig k\u00e9sz volt az \u00f6nzetlen szolg\u00e1latra.<\/p>\n<hr \/>\n<h3><a href=\"http:\/\/sscspark.com\/wp-content\/uploads\/2022\/03\/Kovari-Lajos-Ubul-fenykep.jpg\"><img loading=\"lazy\" decoding=\"async\" class=\"wp-image-1440 alignleft\" src=\"http:\/\/sscspark.com\/wp-content\/uploads\/2022\/03\/Kovari-Lajos-Ubul-fenykep-228x300.jpg\" alt=\"\" width=\"250\" height=\"329\" srcset=\"http:\/\/sscspark.com\/wp-content\/uploads\/2022\/03\/Kovari-Lajos-Ubul-fenykep-228x300.jpg 228w, http:\/\/sscspark.com\/wp-content\/uploads\/2022\/03\/Kovari-Lajos-Ubul-fenykep-230x303.jpg 230w, http:\/\/sscspark.com\/wp-content\/uploads\/2022\/03\/Kovari-Lajos-Ubul-fenykep-350x461.jpg 350w, http:\/\/sscspark.com\/wp-content\/uploads\/2022\/03\/Kovari-Lajos-Ubul-fenykep.jpg 439w\" sizes=\"auto, (max-width: 250px) 100vw, 250px\" \/><\/a><span style=\"color: #008000;\">K\u0151v\u00e1ri Lajos atya (Ubul b\u00e1), 1964 &#8211; 1981<\/span><\/h3>\n<p>Cserk\u00e9sz\u00e9lete Felvid\u00e9ken, Fels\u0151borsodban indult, ahol a reg\u00f6l\u00e9st kutatta. Komolyan \u00e9s meggy\u0151z\u0151d\u00e9ssel tette ezt. Fiatal cserk\u00e9szvezet\u0151k\u00e9nt, 16 \u00e9vesen a magyarorsz\u00e1gi volt H\u00e1rshegyi Cserk\u00e9szparkban elv\u00e9gezte a h\u00edres H\u00d6K-t\u00e1bort. Ett\u0151l kezdve t\u00f6bb cserk\u00e9sz jelleg\u0171 munk\u00e1ban vett r\u00e9szt, f\u0151k\u00e9nt Erd\u00e9lyben \u00e9s Felvid\u00e9ken. A h\u00e1bor\u00fa N\u00e9metorsz\u00e1gba sodorta, de sikertelen \u00e9p\u00edt\u00e9szeti kezdem\u00e9nyez\u00e9se ut\u00e1n kolostorba vonult. Itt \u00e9rte utol Dr. Gerencs\u00e9r Istv\u00e1n piarista pap h\u00edv\u00f3szava, hogy a magyar h\u00edveket szolg\u00e1lja. A l\u00e1gerekben megindult cserk\u00e9szetben mindaddig r\u00e9szt vett, am\u00edg el\u00f6lj\u00e1r\u00f3i d\u00f6nt\u00e9s\u00e9re tanulm\u00e1nyait folytatnia kellett.<\/p>\n<p>1951-ben \u0151t is tengerent\u00falra, Amerik\u00e1ba sodorta az \u00e9let szele. A\u00a0\u200bbuffaloi szemin\u00e1riumban fejezte be teol\u00f3giai tanulm\u00e1nyait, 1954-ben papp\u00e1 szentelt\u00e9k. \u00c9p\u00edt\u00e9szeti tud\u00e1s\u00e1t itt sikeresen kezdte kiteljes\u00edteni, egyben matematik\u00e1t \u00e9s geometri\u00e1t tan\u00edtott a Calasanctius iskol\u00e1ban. Tan\u00e1ri munk\u00e1ja sor\u00e1n akt\u00edvan kereste az \u00faj H\u00e1rshegy lehet\u0151s\u00e9g\u00e9t. 1963-ban tal\u00e1lt ehhez megfelel\u0151 helyet, ami ma a S\u00edk S\u00e1ndor Cserk\u00e9szpark. Az akkori 106 holdas ter\u00fcleten egym\u00e1s ut\u00e1n \u00e9p\u00edtette fel a seg\u00e9dtiszti \u00e9p\u00fcletet, a kiscserk\u00e9szh\u00e1zat, a hatsz\u00f6g\u0171 alaprajz\u00fa (Pentagon) \u00e9p\u00fcletet \u00e9s sok minden m\u00e1st. Parkigazgat\u00f3k\u00e9nt Ubul b\u00e1 mindenes volt. Sz\u00edv\u00e9n viselte a cserk\u00e9szpark fejl\u0151d\u00e9s\u00e9t 1981-ig.<\/p>\n<p>\u00d6nfel\u00e1ldoz\u00f3 \u00e9letet \u00e9lt, az Isten, Haza \u00e9s Embert\u00e1rsak szolg\u00e1lat\u00e1ban.<\/p>\n<p>&nbsp;<\/p>\n","protected":false},"excerpt":{"rendered":"<p>A S\u00edk S\u00e1ndor Cserk\u00e9szpark vezet\u0151i Kov\u00e1cs Gy\u00f6rgy,\u00a0 2021 \u2013 Kov\u00e1cs Gy\u00f6rgy 1974-ben, 13 \u00e9ves fiatal fi\u00fak\u00e9nt, egy \u00e9vnyi, olaszorsz\u00e1gi menek\u00fcltt\u00e1borban t\u00f6lt\u00f6tt id\u0151 [&hellip;]<\/p>\n","protected":false},"author":2,"featured_media":0,"parent":0,"menu_order":0,"comment_status":"closed","ping_status":"closed","template":"","meta":{"footnotes":""},"class_list":["post-27","page","type-page","status-publish","hentry"],"_links":{"self":[{"href":"http:\/\/sscspark.com\/index.php?rest_route=\/wp\/v2\/pages\/27","targetHints":{"allow":["GET"]}}],"collection":[{"href":"http:\/\/sscspark.com\/index.php?rest_route=\/wp\/v2\/pages"}],"about":[{"href":"http:\/\/sscspark.com\/index.php?rest_route=\/wp\/v2\/types\/page"}],"author":[{"embeddable":true,"href":"http:\/\/sscspark.com\/index.php?rest_route=\/wp\/v2\/users\/2"}],"replies":[{"embeddable":true,"href":"http:\/\/sscspark.com\/index.php?rest_route=%2Fwp%2Fv2%2Fcomments&post=27"}],"version-history":[{"count":49,"href":"http:\/\/sscspark.com\/index.php?rest_route=\/wp\/v2\/pages\/27\/revisions"}],"predecessor-version":[{"id":1536,"href":"http:\/\/sscspark.com\/index.php?rest_route=\/wp\/v2\/pages\/27\/revisions\/1536"}],"wp:attachment":[{"href":"http:\/\/sscspark.com\/index.php?rest_route=%2Fwp%2Fv2%2Fmedia&parent=27"}],"curies":[{"name":"wp","href":"https:\/\/api.w.org\/{rel}","templated":true}]}}