{"id":1463,"date":"2022-03-21T11:54:17","date_gmt":"2022-03-21T11:54:17","guid":{"rendered":"http:\/\/sscspark.com\/?page_id=1463"},"modified":"2022-04-14T06:46:29","modified_gmt":"2022-04-14T06:46:29","slug":"sik-sandorrol","status":"publish","type":"page","link":"http:\/\/sscspark.com\/?page_id=1463","title":{"rendered":"S\u00edk S\u00e1ndorr\u00f3l"},"content":{"rendered":"<p>T\u00e1borunk n\u00e9vad\u00f3ja, dr. S\u00edk S\u00e1ndor piarista pap, tartom\u00e1nyf\u0151n\u00f6k, tan\u00e1r, k\u00f6lt\u0151, m\u0171ford\u00edt\u00f3,\u00a0irodalomt\u00f6rt\u00e9n\u00e9sz, egyh\u00e1zi \u00edr\u00f3 \u00e9s cserk\u00e9szvezet\u0151.<\/p>\n<p>&nbsp;<\/p>\n<p><strong><u>\u00c9LETE<\/u><\/strong><strong>:<\/strong>\u00a0S\u00edk S\u00e1ndor 1889. janu\u00e1r 20-\u00e1n sz\u00fcletett Budapesten, majd G\u00f6d\u00f6ll\u0151n nevelkedett. G\u00f6d\u00f6ll\u0151t szerette, mert sz\u00e1m\u00e1ra az volt az \u201eigazi\u201d otthon, ahol szeretet, vall\u00e1soss\u00e1g \u00e9s vid\u00e1ms\u00e1g vette k\u00f6r\u00fcl.<\/p>\n<p><a href=\"http:\/\/sscspark.com\/wp-content\/uploads\/2022\/03\/siksandor1.jpg\"><img loading=\"lazy\" decoding=\"async\" class=\"aligncenter size-full wp-image-1464\" src=\"http:\/\/sscspark.com\/wp-content\/uploads\/2022\/03\/siksandor1.jpg\" alt=\"\" width=\"548\" height=\"364\" srcset=\"http:\/\/sscspark.com\/wp-content\/uploads\/2022\/03\/siksandor1.jpg 548w, http:\/\/sscspark.com\/wp-content\/uploads\/2022\/03\/siksandor1-300x199.jpg 300w, http:\/\/sscspark.com\/wp-content\/uploads\/2022\/03\/siksandor1-230x153.jpg 230w, http:\/\/sscspark.com\/wp-content\/uploads\/2022\/03\/siksandor1-350x232.jpg 350w, http:\/\/sscspark.com\/wp-content\/uploads\/2022\/03\/siksandor1-480x319.jpg 480w\" sizes=\"auto, (max-width: 548px) 100vw, 548px\" \/><\/a><\/p>\n<p>\u00c9desapja szint\u00e9n S\u00e1ndor volt, \u00e9desanyja Winternitz Fl\u00f3ra, aki zsid\u00f3 vall\u00e1s\u00fak\u00e9nt m\u00e9g gyermekei sz\u00fclet\u00e9se el\u0151tt \u00e1tt\u00e9rt katolikus hitre. S\u00e1ndor h\u00e1rom testv\u00e9re az \u0151 sz\u00fclet\u00e9sekor egyszerre halt meg skarl\u00e1tban. Ezut\u00e1n m\u00e9g n\u00e9gy testv\u00e9re sz\u00fcletett, k\u00e9t l\u00e1ny, Fl\u00f3ra \u00e9s Ilma, valamint k\u00e9t fi\u00fa, Endre \u00e9s Mikl\u00f3s.<\/p>\n<p><a href=\"http:\/\/sscspark.com\/wp-content\/uploads\/2022\/03\/siksandor2.jpg\"><img loading=\"lazy\" decoding=\"async\" class=\"aligncenter size-full wp-image-1465\" src=\"http:\/\/sscspark.com\/wp-content\/uploads\/2022\/03\/siksandor2.jpg\" alt=\"\" width=\"943\" height=\"315\" srcset=\"http:\/\/sscspark.com\/wp-content\/uploads\/2022\/03\/siksandor2.jpg 943w, http:\/\/sscspark.com\/wp-content\/uploads\/2022\/03\/siksandor2-300x100.jpg 300w, http:\/\/sscspark.com\/wp-content\/uploads\/2022\/03\/siksandor2-768x257.jpg 768w, http:\/\/sscspark.com\/wp-content\/uploads\/2022\/03\/siksandor2-920x307.jpg 920w, http:\/\/sscspark.com\/wp-content\/uploads\/2022\/03\/siksandor2-230x77.jpg 230w, http:\/\/sscspark.com\/wp-content\/uploads\/2022\/03\/siksandor2-350x117.jpg 350w, http:\/\/sscspark.com\/wp-content\/uploads\/2022\/03\/siksandor2-480x160.jpg 480w\" sizes=\"auto, (max-width: 943px) 100vw, 943px\" \/><\/a><\/p>\n<p>Alapfok\u00fa tanulm\u00e1nyait mag\u00e1niskol\u00e1kban v\u00e9gezte, az 1. oszt\u00e1lyt Pesten, majd a 2-4. oszt\u00e1lyt G\u00f6d\u00f6ll\u0151n.<\/p>\n<p><a href=\"http:\/\/sscspark.com\/wp-content\/uploads\/2022\/03\/siksandor3.jpg\"><img loading=\"lazy\" decoding=\"async\" class=\"aligncenter size-full wp-image-1466\" src=\"http:\/\/sscspark.com\/wp-content\/uploads\/2022\/03\/siksandor3.jpg\" alt=\"\" width=\"384\" height=\"318\" srcset=\"http:\/\/sscspark.com\/wp-content\/uploads\/2022\/03\/siksandor3.jpg 384w, http:\/\/sscspark.com\/wp-content\/uploads\/2022\/03\/siksandor3-300x248.jpg 300w, http:\/\/sscspark.com\/wp-content\/uploads\/2022\/03\/siksandor3-230x190.jpg 230w, http:\/\/sscspark.com\/wp-content\/uploads\/2022\/03\/siksandor3-350x290.jpg 350w\" sizes=\"auto, (max-width: 384px) 100vw, 384px\" \/><\/a><\/p>\n<p>Ezut\u00e1n \u00e9desapja \u2013 pap bar\u00e1tainak javaslat\u00e1ra \u2013 a Budapesti Piarista Gimn\u00e1ziumba \u00edratta be, ahol 5 \u00e9vig tanult. A piarista k\u00f6rnyezet \u00e9s t\u00f6bb gondos tan\u00e1ra sokat jelentett S\u00e1ndornak: annak ellen\u00e9re is piarista lett, hogy sz\u00fclei \u00fcgyv\u00e9di p\u00e1ly\u00e1ra sz\u00e1nt\u00e1k. Miut\u00e1n ezt megtudta, hat\u00e1rozottan kimondta, hogy \u0151 piarista szeretne lenni. A v\u00e1ci gimn\u00e1ziumban lett nov\u00edcius.<\/p>\n<p>\u00c9desapja korai hal\u00e1la er\u0151sen s\u00fajtotta a csal\u00e1dot, amely elszeg\u00e9nyedett, ez\u00e9rt a g\u00f6d\u00f6ll\u0151i h\u00e1zukat is el kellett adniuk.<\/p>\n<p>G\u00f6d\u00f6ll\u0151r\u0151l Kecskem\u00e9tre ker\u00fclt, ahol hittan\u00e1ra, gy\u00f3ntat\u00f3ja \u00e9s prefektusa, Zim\u00e1nyi Gyula d\u00f6nt\u0151 hat\u00e1ssal volt r\u00e1, egyengette papi, illetve szerzetesi p\u00e1ly\u00e1j\u00e1t, k\u00f6lt\u0151i \u00e9rdekl\u0151d\u00e9s\u00e9t.<\/p>\n<p><a href=\"http:\/\/sscspark.com\/wp-content\/uploads\/2022\/03\/siksandor4.jpg\"><img loading=\"lazy\" decoding=\"async\" class=\"aligncenter size-full wp-image-1467\" src=\"http:\/\/sscspark.com\/wp-content\/uploads\/2022\/03\/siksandor4.jpg\" alt=\"\" width=\"364\" height=\"438\" srcset=\"http:\/\/sscspark.com\/wp-content\/uploads\/2022\/03\/siksandor4.jpg 364w, http:\/\/sscspark.com\/wp-content\/uploads\/2022\/03\/siksandor4-249x300.jpg 249w, http:\/\/sscspark.com\/wp-content\/uploads\/2022\/03\/siksandor4-230x277.jpg 230w, http:\/\/sscspark.com\/wp-content\/uploads\/2022\/03\/siksandor4-350x421.jpg 350w\" sizes=\"auto, (max-width: 364px) 100vw, 364px\" \/><\/a><\/p>\n<p>Tan\u00e1ri p\u00e1ly\u00e1j\u00e1t a v\u00e1ci gimn\u00e1ziumban kezdte meg, ahol oszt\u00e1lyf\u0151n\u00f6kk\u00e9nt magyart \u00e9s latint, valamint hittant \u00e9s t\u00f6rt\u00e9nelmet is tan\u00edtott. Kora miatt csak az \u00e9v v\u00e9g\u00e9n szentelt\u00e9k fel.<\/p>\n<p>S\u00e1ndor tov\u00e1bb folytatta az egyetemet \u00e9s a teol\u00f3giai tanulm\u00e1nyait magyarul, latinul \u00e9s g\u00f6r\u00f6g\u00fcl, majd 1908-ban levizsg\u00e1zott. Tov\u00e1bb tan\u00edtott,\u00a01910-ben okleveles tan\u00e1r lett. R\u00f6viddel k\u00e9s\u0151bb a doktori szigorlatot is elv\u00e9gezte. 1929-ben kinevez\u00e9st kapott a Szegedi Tudom\u00e1nyos Egyetem Irodalmi Tansz\u00e9k\u00e9re. A h\u00e1bor\u00fa alatt a budapesti piarista rendh\u00e1zban lakott, azt k\u00f6vet\u0151en a Kalocsai Iskolan\u0151v\u00e9rek Koll\u00e9gium\u00e1ba k\u00f6lt\u00f6z\u00f6tt, \u00e9s onnan v\u00e9gezte papi munk\u00e1j\u00e1t.<\/p>\n<p><a href=\"http:\/\/sscspark.com\/wp-content\/uploads\/2022\/03\/siksandor5.jpg\"><img loading=\"lazy\" decoding=\"async\" class=\"aligncenter size-full wp-image-1468\" src=\"http:\/\/sscspark.com\/wp-content\/uploads\/2022\/03\/siksandor5.jpg\" alt=\"\" width=\"410\" height=\"467\" srcset=\"http:\/\/sscspark.com\/wp-content\/uploads\/2022\/03\/siksandor5.jpg 410w, http:\/\/sscspark.com\/wp-content\/uploads\/2022\/03\/siksandor5-263x300.jpg 263w, http:\/\/sscspark.com\/wp-content\/uploads\/2022\/03\/siksandor5-230x262.jpg 230w, http:\/\/sscspark.com\/wp-content\/uploads\/2022\/03\/siksandor5-350x399.jpg 350w\" sizes=\"auto, (max-width: 410px) 100vw, 410px\" \/><\/a><\/p>\n<p>1947-t\u0151l 16 \u00e9ven kereszt\u00fcl a piarista magyar rend tartom\u00e1nyf\u0151n\u00f6ke lett, 1961 j\u00falius 1-j\u00e9n tartotta aranymis\u00e9j\u00e9t. Szeptember 18-t\u00f3l eg\u00e9szs\u00e9ge nagyon leromlott, de szellemileg friss maradt. Soha nem panaszkodott. 1963. szeptember 28-\u00e1n \u201eHazament.\u201d<\/p>\n<p>&nbsp;<\/p>\n<hr \/>\n<p>&nbsp;<\/p>\n<p><strong><u>CSERK\u00c9SZ \u00c9LETE<\/u><\/strong><strong>:\u00a0<\/strong>1911-ben \u00e9lete a cserk\u00e9szet fel\u00e9 ir\u00e1nyult. Bels\u0151 akaratereje \u00e9s \u00e9rdekl\u0151d\u00e9se \u00f6szt\u00f6n\u00f6zte, r\u00e9szt vett a mozgalom tervez\u00e9s\u00e9ben \u00e9s szervez\u00e9s\u00e9ben. M\u00e9g ebben az \u00e9vben cserk\u00e9szvezet\u0151 tanfolyamot szervezett \u00e9s vezetett. Gondolata szerint a cserk\u00e9szmozgalom (a Magyar Cserk\u00e9szsz\u00f6vets\u00e9g) vall\u00e1si-erk\u00f6lcsi alapon indult, egyben szigor\u00faan az \u00f6nk\u00e9ntess\u00e9gre \u00e9p\u00fclt. \u0150 lett az els\u0151 eln\u00f6ke, \u00e9s k\u00e9pviselte a magyar cserk\u00e9szetet\u00a0az els\u0151 p\u00e1rizsi vezet\u0151i kongresszuson.<\/p>\n<p>Az 1912-es tan\u00e9vben megalap\u00edtotta az budapesti Piarista Gimn\u00e1zium cserk\u00e9szcsapat\u00e1t. A legels\u0151 t\u00e1boruk a v\u00e1gi tutaj\u00fat volt, ezzel elkezd\u0151d\u00f6tt a magyar cserk\u00e9szet t\u00f6rt\u00e9nete. \u0150 fogalmazta meg a t\u00edz cserk\u00e9szt\u00f6rv\u00e9nyt \u00e9s \u00edrta meg vers form\u00e1ban a Cserk\u00e9szindul\u00f3t. Az 1926-os Nemzeti Nagyt\u00e1bort (Megyeren) S\u00edk S\u00e1ndor vezette, ahol 8 ezer cserk\u00e9sz vett r\u00e9szt.\u00a0Ennek a t\u00e1bornak k\u00f6sz\u00f6nhetj\u00fck a Megyeri hitvall\u00e1s c\u00edm\u0171 vers\u00e9t. Az 1933-as g\u00f6d\u00f6ll\u0151i jamboree-t Teleki P\u00e1llal egy\u00fctt vezette. 1935-ben foly\u00f3iratot ind\u00edtottak T\u00e1borkereszt c\u00edmmel, amely a cserk\u00e9szeten bel\u00fcli vall\u00e1si nevel\u00e9st szolg\u00e1lta.<\/p>\n<p>&nbsp;<\/p>\n<p>Meg\u00edrta a Cserk\u00e9szvezet\u0151k k\u00f6nyv\u00e9nek az els\u0151 r\u00e9sz\u00e9t, amely a cserk\u00e9szet pedag\u00f3gi\u00e1j\u00e1r\u00f3l sz\u00f3l, illetve annak c\u00e9ljait, ir\u00e1nyelveit tartalmazza.<\/p>\n<p>S\u00edk S\u00e1ndor nem csak \u00edrt r\u00f3la, hanem\u00a0<strong>\u00e9lte<\/strong>\u00a0is a cserk\u00e9szetet eg\u00e9sz \u00e9let\u00e9ben!<\/p>\n<p><a href=\"http:\/\/sscspark.com\/wp-content\/uploads\/2022\/03\/siksandor7.jpg\"><img loading=\"lazy\" decoding=\"async\" class=\"aligncenter size-full wp-image-1470\" src=\"http:\/\/sscspark.com\/wp-content\/uploads\/2022\/03\/siksandor7.jpg\" alt=\"\" width=\"350\" height=\"452\" srcset=\"http:\/\/sscspark.com\/wp-content\/uploads\/2022\/03\/siksandor7.jpg 350w, http:\/\/sscspark.com\/wp-content\/uploads\/2022\/03\/siksandor7-232x300.jpg 232w, http:\/\/sscspark.com\/wp-content\/uploads\/2022\/03\/siksandor7-230x297.jpg 230w\" sizes=\"auto, (max-width: 350px) 100vw, 350px\" \/><\/a><\/p>\n<p>Mi volt S\u00edk S\u00e1ndor pedag\u00f3gi\u00e1ja? : <strong><em>Emberebb embernek lenni<\/em><\/strong><strong><em>..!.<\/em><\/strong><\/p>\n<p>&nbsp;<\/p>\n<p>Mit is jelentett ez a cserk\u00e9szeknek AKKOR \u00e9s mit jelent MA?<\/p>\n<p>&nbsp;<\/p>\n<p>S\u00edk S\u00e1ndor \u00edgy fogalmazta:<\/p>\n<p>&nbsp;<\/p>\n<ol>\n<li><strong>\u201cA cserk\u00e9szet \u00e9letrendez\u00e9s, st\u00edlus, \u00e9letforma. Eg\u00e9szre ir\u00e1nyul, nem r\u00e9szletre. Nem mi, hanem hogyan&#8230; Elveit, ide\u00e1ljait, gyakorlati programj\u00e1t mind m\u00e1sokt\u00f3l vette: evang\u00e9liumb\u00f3l, nemzeti m\u00faltb\u00f3l, gyakorlati emberekt\u0151l; a speci\u00e1lisan cserk\u00e9szi abban van, ahogyan \u00f6sszek\u00f6ti \u00e9s megval\u00f3s\u00edtja \u0151ket&#8230; A cserk\u00e9szet, valamennyi mell\u00e9k\u00e1g\u00e1val egy\u00fctt, l\u00e9nyege szerint pedag\u00f3giai mozgalom, amely el\u0151 akar k\u00e9sz\u00edteni a j\u00f3 polg\u00e1rs\u00e1gra.&#8221;<\/strong><\/li>\n<\/ol>\n<p style=\"text-align: right;\">(S\u00edk S\u00e1ndor: F. M. 1934. 1. 1-2. o. \u00e9s F. M. 1935. 8. 141-146. o.)<\/p>\n<ol start=\"2\">\n<li><strong>\u201cA cserk\u00e9szet els\u0151 jellemz\u0151je a m\u00e1sok ir\u00e1nti felel\u0151ss\u00e9gteljes szolg\u00e1latk\u00e9szs\u00e9g.\u201d <\/strong><\/li>\n<\/ol>\n<p><strong>\u00a0\u00a0\u00a0 \u00a0\u00a0\u00a0\u00a0\u00a0\u00a0\u00a0\u00a0\u00a0\u00a0\u00a0\u00a0\u00a0\u00a0\u00a0\u00a0\u00a0\u00a0\u00a0\u00a0\u00a0\u00a0\u00a0\u00a0\u00a0\u00a0\u00a0\u00a0\u00a0\u00a0\u00a0\u00a0\u00a0\u00a0\u00a0\u00a0\u00a0\u00a0\u00a0\u00a0\u00a0\u00a0\u00a0\u00a0\u00a0\u00a0\u00a0\u00a0\u00a0\u00a0\u00a0\u00a0\u00a0\u00a0\u00a0\u00a0\u00a0\u00a0\u00a0\u00a0\u00a0\u00a0\u00a0\u00a0\u00a0\u00a0\u00a0\u00a0\u00a0\u00a0\u00a0\u00a0\u00a0\u00a0\u00a0\u00a0\u00a0\u00a0\u00a0\u00a0\u00a0\u00a0\u00a0\u00a0\u00a0\u00a0\u00a0\u00a0\u00a0\u00a0\u00a0\u00a0\u00a0\u00a0\u00a0\u00a0\u00a0\u00a0\u00a0\u00a0\u00a0\u00a0\u00a0\u00a0\u00a0\u00a0\u00a0\u00a0\u00a0\u00a0\u00a0\u00a0\u00a0\u00a0\u00a0\u00a0\u00a0\u00a0\u00a0\u00a0\u00a0\u00a0\u00a0\u00a0\u00a0<\/strong>(S\u00edk S\u00e1ndor: F.M. 1933. Jamboree k\u00fcl\u00f6nsz\u00e1m 3-5 oldal)<\/p>\n<ol start=\"3\">\n<li><strong>\u201c A <\/strong><strong>cserk\u00e9szet m\u00e1sodik saj\u00e1toss\u00e1ga a testv\u00e9ris\u00e9g szelleme.<\/strong><strong>\u201d<\/strong><\/li>\n<\/ol>\n<p><strong>\u00a0\u00a0\u00a0\u00a0\u00a0\u00a0\u00a0\u00a0\u00a0\u00a0\u00a0\u00a0\u00a0\u00a0\u00a0\u00a0\u00a0\u00a0\u00a0\u00a0\u00a0\u00a0\u00a0\u00a0\u00a0\u00a0\u00a0\u00a0\u00a0\u00a0\u00a0\u00a0\u00a0\u00a0\u00a0\u00a0\u00a0\u00a0\u00a0\u00a0\u00a0\u00a0\u00a0\u00a0\u00a0\u00a0\u00a0\u00a0\u00a0\u00a0\u00a0\u00a0\u00a0\u00a0\u00a0\u00a0\u00a0\u00a0\u00a0\u00a0\u00a0\u00a0\u00a0\u00a0\u00a0\u00a0\u00a0\u00a0\u00a0\u00a0\u00a0\u00a0\u00a0\u00a0\u00a0\u00a0\u00a0\u00a0\u00a0\u00a0\u00a0\u00a0\u00a0\u00a0\u00a0\u00a0\u00a0\u00a0\u00a0\u00a0\u00a0\u00a0\u00a0\u00a0\u00a0\u00a0\u00a0\u00a0\u00a0\u00a0\u00a0\u00a0\u00a0\u00a0\u00a0\u00a0\u00a0\u00a0\u00a0\u00a0\u00a0\u00a0\u00a0\u00a0\u00a0\u00a0\u00a0\u00a0\u00a0\u00a0\u00a0\u00a0\u00a0\u00a0\u00a0\u00a0\u00a0\u00a0\u00a0 <\/strong>(S\u00edk S\u00e1ndor: F.M. 1933. Jamboree k\u00fcl\u00f6nsz\u00e1m 3-5oldal)<\/p>\n<p>&nbsp;<\/p>\n<p style=\"text-align: center;\">S\u00edk S\u00e1ndor pedag\u00f3gi\u00e1ja:\u00a0 <em>Magyarabb magyarnak lenni&#8230;!<\/em><\/p>\n<p>\u00a0\u00a0\u00a0\u00a0\u00a0\u00a0\u00a0\u00a0\u00a0\u00a0\u00a0\u00a0\u00a0\u00a0\u00a0\u00a0\u00a0\u00a0\u00a0\u00a0 \u201e<strong>Nincs nagyobb \u00e9s s\u0171rg\u0151sebb \u00e9rdeke a magyar cserk\u00e9szetnek, mint hogy csak azok\u00a0\u00a0\u00a0 a kevesek maradjanak cserk\u00e9sznek akik ezt \u00edgy valljuk \u00e9s v\u00e1llaljuk.\u201d<\/strong><\/p>\n<p>&nbsp;<\/p>\n<p>A t\u00f6bb sz\u00e1z verse k\u00f6z\u00fcl S\u00edk S\u00e1ndor p\u00e9ldamutat\u00f3 \u00e9lete mint <strong><em>ember \u00e9s magyar cserk\u00e9sz<\/em><\/strong> tiszt\u00e1n f\u00e9nylik \u00e9s utat mutat minden cserk\u00e9sznek:<\/p>\n<p style=\"text-align: center;\"><strong>\u00a0\u00a0\u00a0\u00a0\u00a0\u00a0\u00a0\u00a0\u00a0\u00a0\u00a0\u00a0\u00a0\u00a0\u00a0\u00a0\u00a0\u00a0\u00a0\u00a0\u00a0\u00a0\u00a0\u00a0 <\/strong><\/p>\n<p>&nbsp;<\/p>\n<p style=\"text-align: center;\"><strong>Tedd a j\u00f3t!<\/strong><\/p>\n<p style=\"text-align: center;\">Tekintet n\u00e9lk\u00fcl arra, hogy<br \/>\nM\u00e1soknak tetszik<br \/>\nVagy nem,<br \/>\nTekintet n\u00e9lk\u00fcl arra, hogy<br \/>\nL\u00e1tj\u00e1k-e vagy nem<br \/>\nTekintet n\u00e9lk\u00fcl arra, hogy lesz-e<br \/>\nSikere vagy nem,<br \/>\nTedd a j\u00f3t!<\/p>\n<p style=\"text-align: center;\">T\u00e9gy minden j\u00f3t, amit<br \/>\nMegtehetsz,<br \/>\nOtt, ahol vagy,<br \/>\n\u00dagy, ahogy teheted,<br \/>\nAkkor\u00e1t, amekkor\u00e1t tehetsz,<br \/>\nDe mindig, sz\u00fcntelen ez legyen<br \/>\nA programod!<\/p>\n<p>&nbsp;<\/p>\n<p style=\"text-align: center;\">\u00a0\u00a0\u00a0\u00a0\u00a0\u00a0\u00a0\u00a0\u00a0\u00a0\u00a0\u00a0\u00a0\u00a0\u00a0\u00a0\u00a0\u00a0\u00a0\u00a0\u00a0\u00a0\u00a0 <strong>Forr\u00e1sok: <\/strong>K\u00fcl\u00f6n k\u00f6sz\u00f6net a Katolikus<strong>\u00a0 <\/strong><strong><a href=\"http:\/\/www.legyresen.com\">www.legyresen.com<\/a><\/strong><strong>, <\/strong><a href=\"https:\/\/legyresen.com\">https:\/\/legyresen.com<\/a><\/p>\n<p style=\"text-align: center;\">\u00a0\u00a0\u00a0\u00a0\u00a0\u00a0\u00a0\u00a0\u00a0\u00a0\u00a0\u00a0\u00a0\u00a0\u00a0\u00a0\u00a0\u00a0\u00a0\u00a0\u00a0\u00a0\u00a0\u00a0\u00a0\u00a0\u00a0\u00a0\u00a0\u00a0\u00a0\u00a0\u00a0\u00a0\u00a0\u00a0\u00a0\u00a0\u00a0\u00a0\u00a0\u00a0 cserk\u00e9szeinek a k\u00e9pek \u00e9s \u00edrott adatok felhaszn\u00e1l\u00e1s\u00e1\u00e9rt<strong>!<\/strong><\/p>\n<p>&nbsp;<\/p>\n","protected":false},"excerpt":{"rendered":"<p>T\u00e1borunk n\u00e9vad\u00f3ja, dr. S\u00edk S\u00e1ndor piarista pap, tartom\u00e1nyf\u0151n\u00f6k, tan\u00e1r, k\u00f6lt\u0151, m\u0171ford\u00edt\u00f3,\u00a0irodalomt\u00f6rt\u00e9n\u00e9sz, egyh\u00e1zi \u00edr\u00f3 \u00e9s cserk\u00e9szvezet\u0151. &nbsp; \u00c9LETE:\u00a0S\u00edk S\u00e1ndor 1889. janu\u00e1r 20-\u00e1n sz\u00fcletett [&hellip;]<\/p>\n","protected":false},"author":1,"featured_media":0,"parent":0,"menu_order":0,"comment_status":"closed","ping_status":"closed","template":"","meta":{"footnotes":""},"class_list":["post-1463","page","type-page","status-publish","hentry"],"_links":{"self":[{"href":"http:\/\/sscspark.com\/index.php?rest_route=\/wp\/v2\/pages\/1463","targetHints":{"allow":["GET"]}}],"collection":[{"href":"http:\/\/sscspark.com\/index.php?rest_route=\/wp\/v2\/pages"}],"about":[{"href":"http:\/\/sscspark.com\/index.php?rest_route=\/wp\/v2\/types\/page"}],"author":[{"embeddable":true,"href":"http:\/\/sscspark.com\/index.php?rest_route=\/wp\/v2\/users\/1"}],"replies":[{"embeddable":true,"href":"http:\/\/sscspark.com\/index.php?rest_route=%2Fwp%2Fv2%2Fcomments&post=1463"}],"version-history":[{"count":3,"href":"http:\/\/sscspark.com\/index.php?rest_route=\/wp\/v2\/pages\/1463\/revisions"}],"predecessor-version":[{"id":1544,"href":"http:\/\/sscspark.com\/index.php?rest_route=\/wp\/v2\/pages\/1463\/revisions\/1544"}],"wp:attachment":[{"href":"http:\/\/sscspark.com\/index.php?rest_route=%2Fwp%2Fv2%2Fmedia&parent=1463"}],"curies":[{"name":"wp","href":"https:\/\/api.w.org\/{rel}","templated":true}]}}